{"id":2,"date":"2024-07-18T14:23:49","date_gmt":"2024-07-18T12:23:49","guid":{"rendered":"http:\/\/fousdes.cluster023.hosting.ovh.net\/?page_id=2"},"modified":"2026-01-03T17:35:30","modified_gmt":"2026-01-03T16:35:30","slug":"page-d-exemple","status":"publish","type":"page","link":"http:\/\/fousdes.cluster023.hosting.ovh.net\/","title":{"rendered":"ACCUEIL"},"content":{"rendered":"\n<div class=\"wp-block-group alignfull is-nowrap is-layout-flex wp-container-core-group-is-layout-ad2f72ca wp-block-group-is-layout-flex\">\n<div class=\"wp-block-media-text alignfull is-stacked-on-mobile is-vertically-aligned-center\" style=\"grid-template-columns:62% auto\"><figure class=\"wp-block-media-text__media\"><img loading=\"lazy\" decoding=\"async\" width=\"1024\" height=\"433\" src=\"http:\/\/fousdes.cluster023.hosting.ovh.net\/wp-content\/uploads\/2024\/07\/LOGOFDBOFFRELIEF-copie-1-1024x433.png\" alt=\"\" class=\"wp-image-117 size-full\" srcset=\"http:\/\/fousdes.cluster023.hosting.ovh.net\/wp-content\/uploads\/2024\/07\/LOGOFDBOFFRELIEF-copie-1-1024x433.png 1024w, http:\/\/fousdes.cluster023.hosting.ovh.net\/wp-content\/uploads\/2024\/07\/LOGOFDBOFFRELIEF-copie-1-300x127.png 300w, http:\/\/fousdes.cluster023.hosting.ovh.net\/wp-content\/uploads\/2024\/07\/LOGOFDBOFFRELIEF-copie-1-768x325.png 768w, http:\/\/fousdes.cluster023.hosting.ovh.net\/wp-content\/uploads\/2024\/07\/LOGOFDBOFFRELIEF-copie-1-1200x508.png 1200w, http:\/\/fousdes.cluster023.hosting.ovh.net\/wp-content\/uploads\/2024\/07\/LOGOFDBOFFRELIEF-copie-1.png 1300w\" sizes=\"auto, (max-width: 1024px) 100vw, 1024px\" \/><\/figure><div class=\"wp-block-media-text__content\">\n<figure class=\"wp-block-pullquote has-text-align-center\"><blockquote><p><strong>Cr\u00e9\u00e9e en mars 2003, l\u2019association des Fous de Bassan a pour but de faire revivre et contribuer \u00e0 la promotion des chants traditionnels et contemporains du monde de la mer.<\/strong><\/p><\/blockquote><\/figure>\n<\/div><\/div>\n\n\n\n<figure class=\"wp-block-image size-large is-resized\"><img loading=\"lazy\" decoding=\"async\" width=\"1024\" height=\"1024\" src=\"http:\/\/fousdes.cluster023.hosting.ovh.net\/wp-content\/uploads\/2024\/07\/JM-WEB-1024x1024.jpg\" alt=\"\" class=\"wp-image-87\" style=\"width:459px;height:auto\" srcset=\"http:\/\/fousdes.cluster023.hosting.ovh.net\/wp-content\/uploads\/2024\/07\/JM-WEB-1024x1024.jpg 1024w, http:\/\/fousdes.cluster023.hosting.ovh.net\/wp-content\/uploads\/2024\/07\/JM-WEB-300x300.jpg 300w, http:\/\/fousdes.cluster023.hosting.ovh.net\/wp-content\/uploads\/2024\/07\/JM-WEB-150x150.jpg 150w, http:\/\/fousdes.cluster023.hosting.ovh.net\/wp-content\/uploads\/2024\/07\/JM-WEB-768x768.jpg 768w, http:\/\/fousdes.cluster023.hosting.ovh.net\/wp-content\/uploads\/2024\/07\/JM-WEB-1536x1536.jpg 1536w, http:\/\/fousdes.cluster023.hosting.ovh.net\/wp-content\/uploads\/2024\/07\/JM-WEB-2048x2048.jpg 2048w, http:\/\/fousdes.cluster023.hosting.ovh.net\/wp-content\/uploads\/2024\/07\/JM-WEB-1200x1200.jpg 1200w, http:\/\/fousdes.cluster023.hosting.ovh.net\/wp-content\/uploads\/2024\/07\/JM-WEB-1980x1980.jpg 1980w\" sizes=\"auto, (max-width: 1024px) 100vw, 1024px\" \/><\/figure>\n<\/div>\n\n\n\n<div class=\"wp-block-group alignfull is-vertical is-content-justification-center is-layout-flex wp-container-core-group-is-layout-4b2eccd6 wp-block-group-is-layout-flex\">\n<figure class=\"wp-block-image size-large\"><img loading=\"lazy\" decoding=\"async\" width=\"1024\" height=\"576\" src=\"https:\/\/fousdes.cluster023.hosting.ovh.net\/wp-content\/uploads\/2026\/01\/Voeux-2026-1024x576.jpg\" alt=\"\" class=\"wp-image-1000\" srcset=\"http:\/\/fousdes.cluster023.hosting.ovh.net\/wp-content\/uploads\/2026\/01\/Voeux-2026-1024x576.jpg 1024w, http:\/\/fousdes.cluster023.hosting.ovh.net\/wp-content\/uploads\/2026\/01\/Voeux-2026-300x169.jpg 300w, http:\/\/fousdes.cluster023.hosting.ovh.net\/wp-content\/uploads\/2026\/01\/Voeux-2026-768x432.jpg 768w, http:\/\/fousdes.cluster023.hosting.ovh.net\/wp-content\/uploads\/2026\/01\/Voeux-2026.jpg 1280w\" sizes=\"auto, (max-width: 1024px) 100vw, 1024px\" \/><\/figure>\n\n\n\n<div class=\"wp-block-columns is-layout-flex wp-container-core-columns-is-layout-9d6595d7 wp-block-columns-is-layout-flex\">\n<div class=\"wp-block-column is-layout-flow wp-block-column-is-layout-flow\" style=\"flex-basis:100%\">\n<figure class=\"wp-block-pullquote alignwide has-text-align-center\"><blockquote><p><em>L&rsquo;ensemble est accompagn\u00e9 de 4 Musiciens : <\/em><br><em>Guitares, Harmonica,  Banjo, Bouzouki, Ukul\u00e9l\u00e9, Accord\u00e9on.<\/em><\/p><\/blockquote><\/figure>\n<\/div>\n<\/div>\n\n\n\n<div class=\"wp-block-group\"><div class=\"wp-block-group__inner-container is-layout-constrained wp-block-group-is-layout-constrained\">\n<figure class=\"wp-block-image size-full\"><img loading=\"lazy\" decoding=\"async\" width=\"569\" height=\"258\" src=\"https:\/\/fousdes.cluster023.hosting.ovh.net\/wp-content\/uploads\/2026\/01\/Noel-2026.jpg\" alt=\"\" class=\"wp-image-1002\" srcset=\"http:\/\/fousdes.cluster023.hosting.ovh.net\/wp-content\/uploads\/2026\/01\/Noel-2026.jpg 569w, http:\/\/fousdes.cluster023.hosting.ovh.net\/wp-content\/uploads\/2026\/01\/Noel-2026-300x136.jpg 300w\" sizes=\"auto, (max-width: 569px) 100vw, 569px\" \/><\/figure>\n<\/div><\/div>\n<\/div>\n\n\n\n<ul class=\"wp-block-list\">\n<li><strong><em>Le groupe anime toutes manifestations publiques et priv\u00e9es afin de faire plaisir et se faire plaisir dans les f\u00eates locales et les soir\u00e9es festives.<\/em><\/strong><\/li>\n\n\n\n<li><strong><em>Son r\u00e9pertoire est compos\u00e9 de chants traditionnels de la marine \u00e0 voile, de chansons d\u2019auteurs contemporains et de compositions internes arrang\u00e9es par la cheffe de ch\u0153ur,  professionnelle de la musique, pour des interpr\u00e9tations originales.<\/em><\/strong><\/li>\n<\/ul>\n\n\n\n<div class=\"wp-block-group alignwide\"><div class=\"wp-block-group__inner-container is-layout-constrained wp-block-group-is-layout-constrained\">\n<div class=\"wp-block-columns alignfull is-layout-flex wp-container-core-columns-is-layout-9d6595d7 wp-block-columns-is-layout-flex\">\n<div class=\"wp-block-column is-vertically-aligned-top is-layout-flow wp-block-column-is-layout-flow\" style=\"flex-basis:100%\">\n<div class=\"wp-block-columns are-vertically-aligned-center is-layout-flex wp-container-core-columns-is-layout-9d6595d7 wp-block-columns-is-layout-flex\">\n<div class=\"wp-block-column is-vertically-aligned-center is-layout-flow wp-block-column-is-layout-flow\">\n<div class=\"wp-block-group\"><div class=\"wp-block-group__inner-container is-layout-constrained wp-block-group-is-layout-constrained\">\n<p><\/p>\n\n\n\n<p class=\"has-text-align-center has-normal-font-size\"><strong><em>Pendant ces 20 ann\u00e9es d\u2019existence nous avons pris plaisir \u00e0 peaufiner et enregistrer 5 albums, en 2008, 2011, 2014, 2017 et 2024 qui permettent au public de poursuivre l\u2019aventure avec nous.<\/em><\/strong><\/p>\n\n\n\n<p><\/p>\n<\/div><\/div>\n\n\n\n<p class=\"has-text-align-center has-large-font-size\"><em>2024, arriv\u00e9e du 5\u00e8me album des Fous de Bassan<\/em><\/p>\n<\/div>\n\n\n\n<div class=\"wp-block-column is-vertically-aligned-center is-layout-flow wp-block-column-is-layout-flow\"><div class=\"wp-block-image\">\n<figure class=\"alignleft size-large is-resized\"><img loading=\"lazy\" decoding=\"async\" width=\"1024\" height=\"1024\" src=\"http:\/\/fousdes.cluster023.hosting.ovh.net\/wp-content\/uploads\/2024\/07\/version-web-1024x1024.jpg\" alt=\"\" class=\"wp-image-36\" style=\"width:392px;height:auto\" srcset=\"http:\/\/fousdes.cluster023.hosting.ovh.net\/wp-content\/uploads\/2024\/07\/version-web-1024x1024.jpg 1024w, http:\/\/fousdes.cluster023.hosting.ovh.net\/wp-content\/uploads\/2024\/07\/version-web-300x300.jpg 300w, http:\/\/fousdes.cluster023.hosting.ovh.net\/wp-content\/uploads\/2024\/07\/version-web-150x150.jpg 150w, http:\/\/fousdes.cluster023.hosting.ovh.net\/wp-content\/uploads\/2024\/07\/version-web-768x767.jpg 768w, http:\/\/fousdes.cluster023.hosting.ovh.net\/wp-content\/uploads\/2024\/07\/version-web-1536x1534.jpg 1536w, http:\/\/fousdes.cluster023.hosting.ovh.net\/wp-content\/uploads\/2024\/07\/version-web-2048x2045.jpg 2048w\" sizes=\"auto, (max-width: 1024px) 100vw, 1024px\" \/><\/figure>\n<\/div><\/div>\n<\/div>\n<\/div>\n<\/div>\n<\/div><\/div>\n\n\n\n<p><\/p>\n\n\n\n<div class=\"wp-block-group alignwide is-nowrap is-layout-flex wp-container-core-group-is-layout-ad2f72ca wp-block-group-is-layout-flex\">\n<figure class=\"wp-block-pullquote has-text-align-center\"><blockquote><p><strong><em>EVENEMENTS <\/em><\/strong><em><strong>RECENTS<\/strong><\/em><\/p><\/blockquote><\/figure>\n\n\n\n<figure class=\"wp-block-gallery has-nested-images columns-default is-cropped wp-block-gallery-1 is-layout-flex wp-block-gallery-is-layout-flex\">\n<figure class=\"wp-block-image size-large\"><img loading=\"lazy\" decoding=\"async\" width=\"1024\" height=\"326\" data-id=\"930\" src=\"https:\/\/fousdes.cluster023.hosting.ovh.net\/wp-content\/uploads\/2025\/03\/Photo-1-modifiee-concert-9-3-25-1024x326.jpg\" alt=\"\" class=\"wp-image-930\" srcset=\"http:\/\/fousdes.cluster023.hosting.ovh.net\/wp-content\/uploads\/2025\/03\/Photo-1-modifiee-concert-9-3-25-1024x326.jpg 1024w, http:\/\/fousdes.cluster023.hosting.ovh.net\/wp-content\/uploads\/2025\/03\/Photo-1-modifiee-concert-9-3-25-300x95.jpg 300w, http:\/\/fousdes.cluster023.hosting.ovh.net\/wp-content\/uploads\/2025\/03\/Photo-1-modifiee-concert-9-3-25-768x244.jpg 768w, http:\/\/fousdes.cluster023.hosting.ovh.net\/wp-content\/uploads\/2025\/03\/Photo-1-modifiee-concert-9-3-25-1536x489.jpg 1536w, http:\/\/fousdes.cluster023.hosting.ovh.net\/wp-content\/uploads\/2025\/03\/Photo-1-modifiee-concert-9-3-25.jpg 1600w\" sizes=\"auto, (max-width: 1024px) 100vw, 1024px\" \/><figcaption class=\"wp-element-caption\"><strong><em>Concert le 9\/3 au Pouliguen en faveur des Matelots de la Vie<\/em><\/strong><\/figcaption><\/figure>\n<\/figure>\n<\/div>\n\n\n\n<p><\/p>\n\n\n\n<p><\/p>\n\n\n\n<figure class=\"wp-block-audio\"><audio controls src=\"http:\/\/fousdes.cluster023.hosting.ovh.net\/wp-content\/uploads\/2024\/08\/Tas-le-look-matelot-1.mp3\"><\/audio><figcaption class=\"wp-element-caption\"><strong><em>\u00ab\u00a0T&rsquo;as le look Mat&rsquo;lot\u00a0\u00bb Version Marine de \u00ab\u00a0T&rsquo;as le look coco\u00a0\u00bb compos\u00e9e et arrang\u00e9e par les Fous de Bassan \u00e0 la demande de l&rsquo;auteur Laroche Valmont<\/em><\/strong><\/figcaption><\/figure>\n\n\n\n<p><\/p>\n\n\n\n<div class=\"wp-block-media-text is-stacked-on-mobile\" style=\"grid-template-columns:39% auto\"><figure class=\"wp-block-media-text__media\"><video controls src=\"http:\/\/fousdes.cluster023.hosting.ovh.net\/wp-content\/uploads\/2024\/07\/BANDE-ANNONCE_Trim.mp4\"><\/video><\/figure><div class=\"wp-block-media-text__content\">\n<figure class=\"wp-block-pullquote\"><blockquote><p><strong><em>VIDEOS DE PRESENTATION <\/em><\/strong><\/p><cite>Enregistr\u00e9e en 2019<\/cite><\/blockquote><\/figure>\n<\/div><\/div>\n\n\n\n<p>\/<\/p>\n\n\n\n<p><\/p>\n\n\n\n<div class=\"wp-block-media-text alignwide has-media-on-the-right is-stacked-on-mobile\" style=\"grid-template-columns:auto 42%\"><div class=\"wp-block-media-text__content\">\n<p class=\"has-text-align-center\"><strong><em>Les Fous de Bassan c&rsquo;est aussi un partenariat avec les Matelots de la Vie, association venant en aide aux enfants malades.<\/em><\/strong><\/p>\n\n\n<div class=\"wp-block-image\">\n<figure class=\"aligncenter size-large is-resized\"><img loading=\"lazy\" decoding=\"async\" width=\"1024\" height=\"1024\" src=\"http:\/\/fousdes.cluster023.hosting.ovh.net\/wp-content\/uploads\/2024\/08\/logo_mdv_transp-1024x1024.png\" alt=\"\" class=\"wp-image-500\" style=\"width:161px;height:auto\" srcset=\"http:\/\/fousdes.cluster023.hosting.ovh.net\/wp-content\/uploads\/2024\/08\/logo_mdv_transp-1024x1024.png 1024w, http:\/\/fousdes.cluster023.hosting.ovh.net\/wp-content\/uploads\/2024\/08\/logo_mdv_transp-300x300.png 300w, http:\/\/fousdes.cluster023.hosting.ovh.net\/wp-content\/uploads\/2024\/08\/logo_mdv_transp-150x150.png 150w, http:\/\/fousdes.cluster023.hosting.ovh.net\/wp-content\/uploads\/2024\/08\/logo_mdv_transp-768x768.png 768w, http:\/\/fousdes.cluster023.hosting.ovh.net\/wp-content\/uploads\/2024\/08\/logo_mdv_transp-1536x1536.png 1536w, http:\/\/fousdes.cluster023.hosting.ovh.net\/wp-content\/uploads\/2024\/08\/logo_mdv_transp-2048x2048.png 2048w\" sizes=\"auto, (max-width: 1024px) 100vw, 1024px\" \/><\/figure>\n<\/div>\n\n\n<p class=\"has-text-align-right\">\u00ab\u00a0Je t&#8217;emm\u00e8ne\u00a0\u00bb Composition du groupe pour les Matelots de la Vie<\/p>\n<\/div><figure class=\"wp-block-media-text__media\"><video controls src=\"http:\/\/fousdes.cluster023.hosting.ovh.net\/wp-content\/uploads\/2024\/08\/Je-temmene-Internet.mp4\"><\/video><\/figure><\/div>\n","protected":false},"excerpt":{"rendered":"<p>Cr\u00e9\u00e9e en mars 2003, l\u2019association des Fous de Bassan a pour but de faire revivre et contribuer \u00e0 la promotion des chants traditionnels et contemporains du monde de la mer. L&rsquo;ensemble est accompagn\u00e9 de 4 Musiciens : Guitares, Harmonica, Banjo, Bouzouki, Ukul\u00e9l\u00e9, Accord\u00e9on. Pendant ces 20 ann\u00e9es d\u2019existence nous avons pris plaisir \u00e0 peaufiner et&hellip;&nbsp;<a href=\"http:\/\/fousdes.cluster023.hosting.ovh.net\/\" class=\"\" rel=\"bookmark\">Lire la suite &raquo;<span class=\"screen-reader-text\">ACCUEIL<\/span><\/a><\/p>\n","protected":false},"author":1,"featured_media":0,"parent":0,"menu_order":0,"comment_status":"closed","ping_status":"closed","template":"","meta":{"neve_meta_sidebar":"","neve_meta_container":"","neve_meta_enable_content_width":"","neve_meta_content_width":0,"neve_meta_title_alignment":"","neve_meta_author_avatar":"","neve_post_elements_order":"","neve_meta_disable_header":"","neve_meta_disable_footer":"","neve_meta_disable_title":"","footnotes":""},"class_list":["post-2","page","type-page","status-publish","hentry"],"yoast_head":"<!-- This site is optimized with the Yoast SEO plugin v23.4 - https:\/\/yoast.com\/wordpress\/plugins\/seo\/ -->\n<title>ACCUEIL - LES FOUS DE BASSAN<\/title>\n<meta name=\"description\" content=\"Fous de Bassan Pouliguen 44 chants de marins concert groupe musique traditionnelle chorale\" \/>\n<meta name=\"robots\" content=\"index, follow, max-snippet:-1, max-image-preview:large, max-video-preview:-1\" \/>\n<link rel=\"canonical\" href=\"http:\/\/fousdes.cluster023.hosting.ovh.net\/\" \/>\n<meta property=\"og:locale\" content=\"fr_FR\" \/>\n<meta property=\"og:type\" content=\"article\" \/>\n<meta property=\"og:title\" content=\"ACCUEIL - LES FOUS DE BASSAN\" \/>\n<meta property=\"og:description\" content=\"Fous de Bassan Pouliguen 44 chants de marins concert groupe musique traditionnelle chorale\" \/>\n<meta property=\"og:url\" content=\"http:\/\/fousdes.cluster023.hosting.ovh.net\/\" \/>\n<meta property=\"og:site_name\" content=\"LES FOUS DE BASSAN\" \/>\n<meta property=\"article:modified_time\" content=\"2026-01-03T16:35:30+00:00\" \/>\n<meta property=\"og:image\" content=\"http:\/\/fousdes.cluster023.hosting.ovh.net\/wp-content\/uploads\/2024\/07\/LOGOFDBOFFRELIEF-copie-1-1024x433.png\" \/>\n<meta name=\"twitter:card\" content=\"summary_large_image\" \/>\n<meta name=\"twitter:label1\" content=\"Dur\u00e9e de lecture estim\u00e9e\" \/>\n\t<meta name=\"twitter:data1\" content=\"3 minutes\" \/>\n<script type=\"application\/ld+json\" class=\"yoast-schema-graph\">{\"@context\":\"https:\/\/schema.org\",\"@graph\":[{\"@type\":\"WebPage\",\"@id\":\"http:\/\/fousdes.cluster023.hosting.ovh.net\/\",\"url\":\"http:\/\/fousdes.cluster023.hosting.ovh.net\/\",\"name\":\"ACCUEIL - LES FOUS DE BASSAN\",\"isPartOf\":{\"@id\":\"http:\/\/fousdes.cluster023.hosting.ovh.net\/#website\"},\"primaryImageOfPage\":{\"@id\":\"http:\/\/fousdes.cluster023.hosting.ovh.net\/#primaryimage\"},\"image\":{\"@id\":\"http:\/\/fousdes.cluster023.hosting.ovh.net\/#primaryimage\"},\"thumbnailUrl\":\"http:\/\/fousdes.cluster023.hosting.ovh.net\/wp-content\/uploads\/2024\/07\/LOGOFDBOFFRELIEF-copie-1-1024x433.png\",\"datePublished\":\"2024-07-18T12:23:49+00:00\",\"dateModified\":\"2026-01-03T16:35:30+00:00\",\"description\":\"Fous de Bassan Pouliguen 44 chants de marins concert groupe musique traditionnelle chorale\",\"breadcrumb\":{\"@id\":\"http:\/\/fousdes.cluster023.hosting.ovh.net\/#breadcrumb\"},\"inLanguage\":\"fr-FR\",\"potentialAction\":[{\"@type\":\"ReadAction\",\"target\":[\"http:\/\/fousdes.cluster023.hosting.ovh.net\/\"]}]},{\"@type\":\"ImageObject\",\"inLanguage\":\"fr-FR\",\"@id\":\"http:\/\/fousdes.cluster023.hosting.ovh.net\/#primaryimage\",\"url\":\"http:\/\/fousdes.cluster023.hosting.ovh.net\/wp-content\/uploads\/2024\/07\/LOGOFDBOFFRELIEF-copie-1.png\",\"contentUrl\":\"http:\/\/fousdes.cluster023.hosting.ovh.net\/wp-content\/uploads\/2024\/07\/LOGOFDBOFFRELIEF-copie-1.png\",\"width\":1300,\"height\":550},{\"@type\":\"BreadcrumbList\",\"@id\":\"http:\/\/fousdes.cluster023.hosting.ovh.net\/#breadcrumb\",\"itemListElement\":[{\"@type\":\"ListItem\",\"position\":1,\"name\":\"Accueil\",\"item\":\"http:\/\/fousdes.cluster023.hosting.ovh.net\/\"},{\"@type\":\"ListItem\",\"position\":2,\"name\":\"ACCUEIL\"}]},{\"@type\":\"WebSite\",\"@id\":\"http:\/\/fousdes.cluster023.hosting.ovh.net\/#website\",\"url\":\"http:\/\/fousdes.cluster023.hosting.ovh.net\/\",\"name\":\"LES FOUS DE BASSAN\",\"description\":\"\",\"publisher\":{\"@id\":\"http:\/\/fousdes.cluster023.hosting.ovh.net\/#organization\"},\"potentialAction\":[{\"@type\":\"SearchAction\",\"target\":{\"@type\":\"EntryPoint\",\"urlTemplate\":\"http:\/\/fousdes.cluster023.hosting.ovh.net\/?s={search_term_string}\"},\"query-input\":{\"@type\":\"PropertyValueSpecification\",\"valueRequired\":true,\"valueName\":\"search_term_string\"}}],\"inLanguage\":\"fr-FR\"},{\"@type\":\"Organization\",\"@id\":\"http:\/\/fousdes.cluster023.hosting.ovh.net\/#organization\",\"name\":\"LES FOUS DE BASSAN\",\"url\":\"http:\/\/fousdes.cluster023.hosting.ovh.net\/\",\"logo\":{\"@type\":\"ImageObject\",\"inLanguage\":\"fr-FR\",\"@id\":\"http:\/\/fousdes.cluster023.hosting.ovh.net\/#\/schema\/logo\/image\/\",\"url\":\"http:\/\/fousdes.cluster023.hosting.ovh.net\/wp-content\/uploads\/2024\/07\/cropped-images.png\",\"contentUrl\":\"http:\/\/fousdes.cluster023.hosting.ovh.net\/wp-content\/uploads\/2024\/07\/cropped-images.png\",\"width\":225,\"height\":225,\"caption\":\"LES FOUS DE BASSAN\"},\"image\":{\"@id\":\"http:\/\/fousdes.cluster023.hosting.ovh.net\/#\/schema\/logo\/image\/\"}}]}<\/script>\n<!-- \/ Yoast SEO plugin. -->","yoast_head_json":{"title":"ACCUEIL - LES FOUS DE BASSAN","description":"Fous de Bassan Pouliguen 44 chants de marins concert groupe musique traditionnelle chorale","robots":{"index":"index","follow":"follow","max-snippet":"max-snippet:-1","max-image-preview":"max-image-preview:large","max-video-preview":"max-video-preview:-1"},"canonical":"http:\/\/fousdes.cluster023.hosting.ovh.net\/","og_locale":"fr_FR","og_type":"article","og_title":"ACCUEIL - LES FOUS DE BASSAN","og_description":"Fous de Bassan Pouliguen 44 chants de marins concert groupe musique traditionnelle chorale","og_url":"http:\/\/fousdes.cluster023.hosting.ovh.net\/","og_site_name":"LES FOUS DE BASSAN","article_modified_time":"2026-01-03T16:35:30+00:00","og_image":[{"url":"http:\/\/fousdes.cluster023.hosting.ovh.net\/wp-content\/uploads\/2024\/07\/LOGOFDBOFFRELIEF-copie-1-1024x433.png"}],"twitter_card":"summary_large_image","twitter_misc":{"Dur\u00e9e de lecture estim\u00e9e":"3 minutes"},"schema":{"@context":"https:\/\/schema.org","@graph":[{"@type":"WebPage","@id":"http:\/\/fousdes.cluster023.hosting.ovh.net\/","url":"http:\/\/fousdes.cluster023.hosting.ovh.net\/","name":"ACCUEIL - LES FOUS DE BASSAN","isPartOf":{"@id":"http:\/\/fousdes.cluster023.hosting.ovh.net\/#website"},"primaryImageOfPage":{"@id":"http:\/\/fousdes.cluster023.hosting.ovh.net\/#primaryimage"},"image":{"@id":"http:\/\/fousdes.cluster023.hosting.ovh.net\/#primaryimage"},"thumbnailUrl":"http:\/\/fousdes.cluster023.hosting.ovh.net\/wp-content\/uploads\/2024\/07\/LOGOFDBOFFRELIEF-copie-1-1024x433.png","datePublished":"2024-07-18T12:23:49+00:00","dateModified":"2026-01-03T16:35:30+00:00","description":"Fous de Bassan Pouliguen 44 chants de marins concert groupe musique traditionnelle chorale","breadcrumb":{"@id":"http:\/\/fousdes.cluster023.hosting.ovh.net\/#breadcrumb"},"inLanguage":"fr-FR","potentialAction":[{"@type":"ReadAction","target":["http:\/\/fousdes.cluster023.hosting.ovh.net\/"]}]},{"@type":"ImageObject","inLanguage":"fr-FR","@id":"http:\/\/fousdes.cluster023.hosting.ovh.net\/#primaryimage","url":"http:\/\/fousdes.cluster023.hosting.ovh.net\/wp-content\/uploads\/2024\/07\/LOGOFDBOFFRELIEF-copie-1.png","contentUrl":"http:\/\/fousdes.cluster023.hosting.ovh.net\/wp-content\/uploads\/2024\/07\/LOGOFDBOFFRELIEF-copie-1.png","width":1300,"height":550},{"@type":"BreadcrumbList","@id":"http:\/\/fousdes.cluster023.hosting.ovh.net\/#breadcrumb","itemListElement":[{"@type":"ListItem","position":1,"name":"Accueil","item":"http:\/\/fousdes.cluster023.hosting.ovh.net\/"},{"@type":"ListItem","position":2,"name":"ACCUEIL"}]},{"@type":"WebSite","@id":"http:\/\/fousdes.cluster023.hosting.ovh.net\/#website","url":"http:\/\/fousdes.cluster023.hosting.ovh.net\/","name":"LES FOUS DE BASSAN","description":"","publisher":{"@id":"http:\/\/fousdes.cluster023.hosting.ovh.net\/#organization"},"potentialAction":[{"@type":"SearchAction","target":{"@type":"EntryPoint","urlTemplate":"http:\/\/fousdes.cluster023.hosting.ovh.net\/?s={search_term_string}"},"query-input":{"@type":"PropertyValueSpecification","valueRequired":true,"valueName":"search_term_string"}}],"inLanguage":"fr-FR"},{"@type":"Organization","@id":"http:\/\/fousdes.cluster023.hosting.ovh.net\/#organization","name":"LES FOUS DE BASSAN","url":"http:\/\/fousdes.cluster023.hosting.ovh.net\/","logo":{"@type":"ImageObject","inLanguage":"fr-FR","@id":"http:\/\/fousdes.cluster023.hosting.ovh.net\/#\/schema\/logo\/image\/","url":"http:\/\/fousdes.cluster023.hosting.ovh.net\/wp-content\/uploads\/2024\/07\/cropped-images.png","contentUrl":"http:\/\/fousdes.cluster023.hosting.ovh.net\/wp-content\/uploads\/2024\/07\/cropped-images.png","width":225,"height":225,"caption":"LES FOUS DE BASSAN"},"image":{"@id":"http:\/\/fousdes.cluster023.hosting.ovh.net\/#\/schema\/logo\/image\/"}}]}},"_links":{"self":[{"href":"http:\/\/fousdes.cluster023.hosting.ovh.net\/index.php\/wp-json\/wp\/v2\/pages\/2","targetHints":{"allow":["GET"]}}],"collection":[{"href":"http:\/\/fousdes.cluster023.hosting.ovh.net\/index.php\/wp-json\/wp\/v2\/pages"}],"about":[{"href":"http:\/\/fousdes.cluster023.hosting.ovh.net\/index.php\/wp-json\/wp\/v2\/types\/page"}],"author":[{"embeddable":true,"href":"http:\/\/fousdes.cluster023.hosting.ovh.net\/index.php\/wp-json\/wp\/v2\/users\/1"}],"replies":[{"embeddable":true,"href":"http:\/\/fousdes.cluster023.hosting.ovh.net\/index.php\/wp-json\/wp\/v2\/comments?post=2"}],"version-history":[{"count":128,"href":"http:\/\/fousdes.cluster023.hosting.ovh.net\/index.php\/wp-json\/wp\/v2\/pages\/2\/revisions"}],"predecessor-version":[{"id":1030,"href":"http:\/\/fousdes.cluster023.hosting.ovh.net\/index.php\/wp-json\/wp\/v2\/pages\/2\/revisions\/1030"}],"wp:attachment":[{"href":"http:\/\/fousdes.cluster023.hosting.ovh.net\/index.php\/wp-json\/wp\/v2\/media?parent=2"}],"curies":[{"name":"wp","href":"https:\/\/api.w.org\/{rel}","templated":true}]}}